{"id":2937,"date":"2024-11-07T12:54:31","date_gmt":"2024-11-07T12:54:31","guid":{"rendered":"https:\/\/www.jespac.com\/?page_id=2937"},"modified":"2024-11-07T13:00:38","modified_gmt":"2024-11-07T13:00:38","slug":"politica-de-privacidad","status":"publish","type":"page","link":"https:\/\/www.jespac.com\/es\/politica-de-privacidad\/","title":{"rendered":"Pol\u00edtica de privacidad"},"content":{"rendered":"<p class=\"p1\"><span class=\"s1\"><b>POL\u00cdTICA DE PRIVACIDAD<\/b><\/span><\/p>\n<p class=\"p3\"><span class=\"s2\"><b>Jespac, S.A.<\/b><\/span> pone a su disposici\u00f3n a trav\u00e9s de la p\u00e1gina web https:\/\/www.jespac.com\/es\/ la presente pol\u00edtica de privacidad con la finalidad de informarle, de forma detallada, sobre c\u00f3mo tratamos sus datos personales y protegemos su privacidad y la informaci\u00f3n que nos proporciona. En caso de introducir modificaciones en un futuro sobre la misma se lo comunicaremos a trav\u00e9s de la p\u00e1gina web o a trav\u00e9s de otros medios de modo que pueda conocer las nuevas condiciones de privacidad introducidas.<\/p>\n<p class=\"p3\">En cumplimiento del Reglamento (UE) 2016\/679, General de Protecci\u00f3n de Datos y de la Ley Org\u00e1nica 3\/2018, de 5 de diciembre, de Protecci\u00f3n de Datos Personales y garant\u00eda de los derechos digitales le informamos de lo siguiente:<\/p>\n<p class=\"p3\"><b>Responsable del Tratamiento <\/b><\/p>\n<p class=\"p3\">Titular: Jespac, S.A. &#8211; NIF: A08828782<\/p>\n<p class=\"p3\">Domicilio social: C\/ Alc\u00fadia 9-11 bajos, 08016 Barcelona<\/p>\n<p class=\"p3\">Tel\u00e9fono: 932539041- Correo electr\u00f3nico: clients@jespac.com<\/p>\n<p class=\"p3\">P\u00e1gina web: www.jespac.com\/es<\/p>\n<p class=\"p3\"><b>\u00bfCon qu\u00e9 finalidad tratamos sus datos personales?<\/b><\/p>\n<p class=\"p3\">En Jespac, S.A. recabamos y tratamos su informaci\u00f3n personal con car\u00e1cter general para gestionar la relaci\u00f3n que mantenemos con Ud. siendo las principales finalidades que tenemos identificadas las siguientes:<\/p>\n<ol>\n<li>Atender las solicitudes de informaci\u00f3n, sugerencia, queja o de tarjeta cliente<\/li>\n<li>Gestionar el servicio de env\u00edo de tickets por email.<\/li>\n<li>Gestionar los datos y curr\u00edculum enviados para ser informados de las distintas vacantes a un puesto de trabajo que se produzcan en nuestra empresa.<\/li>\n<\/ol>\n<p class=\"p3\"><b>\u00bfC\u00f3mo recabamos su informaci\u00f3n? <\/b><\/p>\n<p class=\"p3\">Recabamos su informaci\u00f3n personal a trav\u00e9s de formularios en la web, se informar\u00e1 en el momento de la recogida mediante cl\u00e1usulas informativas sobre el responsable del tratamiento, la finalidad y la base legal del mismo, los destinatarios de los datos y el periodo de conservaci\u00f3n de su informaci\u00f3n, as\u00ed como la forma en que puede ejercer los derechos que le asisten en materia de protecci\u00f3n de datos.<\/p>\n<p class=\"p3\">A trav\u00e9s de nuestra p\u00e1gina web recabamos informaci\u00f3n personal relacionada con su navegaci\u00f3n a trav\u00e9s del uso de cookies. Para conocer de manera clara y precisa las cookies que utilizamos, cu\u00e1les son sus finalidades y c\u00f3mo puede configurarlas o deshabilitarlas, consulte nuestra <span class=\"s4\"><b>Pol\u00edtica de Cookies.<\/b><\/span><\/p>\n<p class=\"p3\"><b>Responsabilidad del usuario <\/b><\/p>\n<p class=\"p3\">Al facilitarnos sus datos a trav\u00e9s de canales electr\u00f3nicos, el usuario garantiza que es mayor de 14 a\u00f1os y que los datos facilitados a Jespac, S.A. son verdaderos, exactos, completos y actualizados. A estos efectos, el usuario confirma que responde de la veracidad de los datos comunicados y que mantendr\u00e1 convenientemente actualizada dicha informaci\u00f3n de modo que responda a su situaci\u00f3n real, haci\u00e9ndose responsable de los datos falsos e inexactos que pudiera proporcionar, as\u00ed como de los da\u00f1os y perjuicios, directos o indirectos, que pudieran derivarse.<\/p>\n<p class=\"p3\"><b>\u00bfCu\u00e1nto conservamos su informaci\u00f3n?<\/b><\/p>\n<p class=\"p3\">En Jespac, S.A. s\u00f3lo conservamos su informaci\u00f3n por el periodo de tiempo necesario para cumplir con la finalidad para la que fue recogida, dar cumplimiento a las obligaciones legales que nos vienen impuestas y atender las posibles responsabilidades que pudieran derivar del cumplimiento de la finalidad por la que los datos fueron recabados.<\/p>\n<p class=\"p3\">En todo caso, y por regla general, mantendremos su informaci\u00f3n personal mientras exista una relaci\u00f3n contractual que nos vincule o usted no ejerza su derecho de supresi\u00f3n y\/o limitaci\u00f3n del tratamiento, en cuyo caso, la informaci\u00f3n ser\u00e1 bloqueada sin darle uso m\u00e1s all\u00e1 de su conservaci\u00f3n, mientras pueda ser necesaria para el ejercicio o defensa de reclamaciones o pudiera derivarse alg\u00fan tipo de responsabilidad que tuviera que ser atendida.<\/p>\n<p class=\"p3\"><b>\u00bfA qui\u00e9n comunicamos sus datos?<\/b><\/p>\n<p class=\"p3\">En general, en Jespac, S.A. no compartimos su informaci\u00f3n personal, salvo aquellas cesiones que debemos realizar en base a obligaciones legales impuestas.<\/p>\n<p class=\"p3\">Aunque no se trata de una cesi\u00f3n de datos, para prestarle el servicio solicitado puede ser que terceras empresas, que act\u00faan como proveedores nuestros, accedan a su informaci\u00f3n para llevar a cabo el servicio que les hemos contratado. Estos encargados acceden a sus datos siguiendo nuestras instrucciones y sin que puedan utilizarlos para una finalidad diferente y manteniendo la m\u00e1s estricta confidencialidad.<\/p>\n<p class=\"p3\">Asimismo, su informaci\u00f3n personal estar\u00e1 a disposici\u00f3n de las Administraciones P\u00fablicas, Jueces y Tribunales, para la atenci\u00f3n de posibles responsabilidades nacidas del tratamiento.<\/p>\n<p class=\"p3\"><b>Transferencias internacionales de datos<\/b><\/p>\n<p class=\"p3\">No existen transferencias internacionales de sus datos a pa\u00edses fuera del Espacio Econ\u00f3mico Europeo (EEE).<\/p>\n<p class=\"p3\">Con nuestros proveedores hemos acordado que, para la prestaci\u00f3n del servicio contratado, hagan uso de servidores ubicados en el EEE y si, en un futuro, necesit\u00e1semos hacer uso de servidores localizados fuera del territorio de la UE, se adoptar\u00e1n las medidas adecuadas, que ser\u00e1n incorporadas a esta Pol\u00edtica de Privacidad, garantizando que dichos proveedores se hallan bajo el acuerdo de Privacy Shield o que existen otras garant\u00edas adecuadas.<\/p>\n<p class=\"p3\"><b>\u00bfCu\u00e1les son sus derechos con relaci\u00f3n al tratamiento de sus datos y c\u00f3mo puede ejercerlos?<\/b><\/p>\n<p class=\"p3\">La normativa en materia de protecci\u00f3n de datos permite que pueda ejercer sus derechos de acceso, rectificaci\u00f3n, supresi\u00f3n y portabilidad de datos y oposici\u00f3n y limitaci\u00f3n a su tratamiento, as\u00ed como a no ser objeto de decisiones basadas \u00fanicamente en el tratamiento automatizado de sus datos, cuando proceda.<\/p>\n<p class=\"p3\">Estos derechos se caracterizan por lo siguiente:<\/p>\n<p>-Su ejercicio es gratuito, salvo que se trate de solicitudes manifiestamente infundadas o excesivas (p. ej., car\u00e1cter repetitivo), en cuyo caso Jespac, S.A. podr\u00e1 cobrar un canon proporcional a los costes administrativos soportados o negarse a actuar<\/p>\n<ol class=\"ul\">\n<li class=\"li3\">Puede ejercer los derechos directamente o por medio de tu representante legal o voluntario<\/li>\n<li class=\"li3\">Debemos responder a su solicitud en el plazo de un mes, aunque, si se tiene en cuenta la complejidad y n\u00famero de solicitudes, se puede prorrogar el plazo en otros dos meses m\u00e1s.<\/li>\n<li class=\"li3\">Tenemos la obligaci\u00f3n de informarle sobre los medios para ejercitar estos derechos, los cuales deben ser accesibles y sin poder denegarle el ejercicio del derecho por el solo motivo de optar por otro medio. Si la solicitud se presenta por medios electr\u00f3nicos, la informaci\u00f3n se facilitar\u00e1 por estos medios cuando sea posible, salvo que nos solicite que sea de otro modo.<\/li>\n<li class=\"li3\">Si Jespac, S.A. no da curso a la solicitud, le informar\u00e1, a m\u00e1s tardar en un mes, de las razones de su no actuaci\u00f3n y la posibilidad de reclamar ante una Autoridad de Control<\/li>\n<\/ol>\n<p class=\"p3\">Para ejercer sus derechos Jespac, S.A. pone a su disposici\u00f3n los siguientes medios:<\/p>\n<p class=\"p5\">1. Mediante solicitud escrita y firmada dirigida a Jespac, S.A., C\/ Alc\u00fadia 9-11 bajos, 08016 Barcelona. Ref. Ejercicio de Derechos LOPD.<\/p>\n<p class=\"p5\">2. Enviando formulario escaneado y firmado a la direcci\u00f3n de correo electr\u00f3nico <span class=\"s3\">clients@jespac.com <\/span> indicando en el asunto Ejercicio de Derechos LOPD.<\/p>\n<p class=\"p3\">En ambos casos, deber\u00e1 acreditar su identidad acompa\u00f1ando fotocopia o en su caso, copia escaneada, de su DNI o documento equivalente para poder verificar que s\u00f3lo damos respuesta al interesado o su representante legal, debiendo aportar en este caso documento acreditativo de la representaci\u00f3n.<\/p>\n<p class=\"p3\">Asimismo, y especialmente si considera que no ha obtenido satisfacci\u00f3n plena en el ejercicio de sus derechos, le informamos que podr\u00e1 presentar una reclamaci\u00f3n ante la autoridad nacional de control dirigi\u00e9ndose a estos efectos a la Agencia Espa\u00f1ola de Protecci\u00f3n de Datos, C\/ Jorge Juan, 6 \u2013 28001 Madrid.<\/p>\n<p class=\"p3\"><b>\u00bfC\u00f3mo protegemos su informaci\u00f3n?<\/b><\/p>\n<p class=\"p3\">En Jespac, S.A. nos comprometemos a proteger su informaci\u00f3n personal.<\/p>\n<p class=\"p3\">Utilizamos medidas, controles y procedimientos de car\u00e1cter f\u00edsico, organizativo y tecnol\u00f3gico, razonablemente fiables y efectivos, orientados a preservar la integridad y la seguridad de sus datos y garantizar su privacidad.<\/p>\n<p class=\"p3\">Adem\u00e1s, todo el personal con acceso a los datos personales ha sido formado y tiene conocimiento de sus obligaciones con relaci\u00f3n a los tratamientos de sus datos personales.<\/p>\n<p class=\"p3\">En el caso de los contratos que suscribimos con nuestros proveedores incluimos cl\u00e1usulas en las que se les exige mantener el deber de secreto respecto a los datos de car\u00e1cter personal a los que hayan tenido acceso en virtud del encargo realizado, as\u00ed como implantar las medidas de seguridad t\u00e9cnicas y organizativas necesarias para garantizar la confidencialidad, integridad, disponibilidad y resiliencia permanentes de los sistemas y servicios de tratamiento de los datos personales.<\/p>\n<p class=\"p3\">Todas estas medidas de seguridad son revisadas de forma peri\u00f3dica para garantizar su adecuaci\u00f3n y efectividad.<\/p>\n<p class=\"p3\">Sin embargo, la seguridad absoluta no se puede garantizar y no existe ning\u00fan sistema de seguridad que sea impenetrable por lo que, en el caso de cualquier informaci\u00f3n objeto de tratamiento y bajo nuestro control se viese comprometida como consecuencia de una brecha de seguridad, tomaremos las medidas adecuadas para investigar el incidente, notificarlo a la Autoridad de Control y, en su caso, a aquellos usuarios que se hubieran podido ver afectados para que tomen las medidas adecuadas.<\/p>\n","protected":false},"excerpt":{"rendered":"<p>POL\u00cdTICA DE PRIVACIDAD Jespac, S.A. pone a su disposici\u00f3n a trav\u00e9s de la p\u00e1gina web https:\/\/www.jespac.com\/es\/ la presente pol\u00edtica de privacidad con la finalidad de informarle, de forma detallada, sobre c\u00f3mo tratamos sus datos personales y protegemos su privacidad y la informaci\u00f3n que nos proporciona. En caso de introducir modificaciones en un futuro sobre la&#8230; <a href=\"https:\/\/www.jespac.com\/es\/politica-de-privacidad\/\" class=\"excerpt-read-more\">Read More<\/a><\/p>\n","protected":false},"author":2,"featured_media":0,"parent":0,"menu_order":0,"comment_status":"closed","ping_status":"closed","template":"","meta":{"footnotes":""},"class_list":["post-2937","page","type-page","status-publish","hentry"],"_links":{"self":[{"href":"https:\/\/www.jespac.com\/es\/wp-json\/wp\/v2\/pages\/2937","targetHints":{"allow":["GET"]}}],"collection":[{"href":"https:\/\/www.jespac.com\/es\/wp-json\/wp\/v2\/pages"}],"about":[{"href":"https:\/\/www.jespac.com\/es\/wp-json\/wp\/v2\/types\/page"}],"author":[{"embeddable":true,"href":"https:\/\/www.jespac.com\/es\/wp-json\/wp\/v2\/users\/2"}],"replies":[{"embeddable":true,"href":"https:\/\/www.jespac.com\/es\/wp-json\/wp\/v2\/comments?post=2937"}],"version-history":[{"count":7,"href":"https:\/\/www.jespac.com\/es\/wp-json\/wp\/v2\/pages\/2937\/revisions"}],"predecessor-version":[{"id":2944,"href":"https:\/\/www.jespac.com\/es\/wp-json\/wp\/v2\/pages\/2937\/revisions\/2944"}],"wp:attachment":[{"href":"https:\/\/www.jespac.com\/es\/wp-json\/wp\/v2\/media?parent=2937"}],"curies":[{"name":"wp","href":"https:\/\/api.w.org\/{rel}","templated":true}]}}